{"id":3139275,"date":"2026-09-01T00:55:00","date_gmt":"2026-09-01T04:55:00","guid":{"rendered":"https:\/\/www.friendsjournal.org\/book\/el-futuro-es-la-paz-un-viaje-compartido-por-tierra-santa\/"},"modified":"2026-09-01T00:55:41","modified_gmt":"2026-09-01T04:55:41","slug":"el-futuro-es-la-paz-un-viaje-compartido-por-tierra-santa","status":"publish","type":"fpb_book","link":"https:\/\/www.friendsjournal.org\/es\/book\/el-futuro-es-la-paz-un-viaje-compartido-por-tierra-santa\/","title":{"rendered":"El futuro es la paz: un viaje compartido por Tierra Santa"},"content":{"rendered":"\n<h4 class=\"wp-block-heading has-text-align-center\"><h3 dir=\"ltr\" id=\"docs-internal-guid-1399aa41-7fff-75cd-4a2c-164494a2bc85\" style=\"white-space: normal; line-height: 2.4; margin-top: 8pt; margin-bottom: 0pt;\"><span style=\"font-size: 12pt; font-family: Arial, sans-serif; color: rgb(102, 102, 102); font-style: italic; font-variant-ligatures: normal; font-variant-alternates: normal; font-variant-numeric: normal; font-variant-east-asian: normal; font-variant-position: normal; vertical-align: baseline; white-space: pre-wrap;\">De Aziz Abu Sarah y Maoz Inon. Crown, 2026. 240 p\u00e1ginas. 30 $\/tapa dura; 14,99 $\/eBook.   <\/span><\/h3><\/h4>\n\n<p class=\"wp-block-paragraph\">En 2002, particip\u00e9 en un viaje de estudios internacional de los cu\u00e1queros a Palestina e Israel patrocinado por el American Friends Service Committee. Durante nuestra estancia en Jerusal\u00e9n, nuestra delegaci\u00f3n se reuni\u00f3 con Naomi Chazan, entonces vicepresidenta de la Knesset de Israel. Resumi\u00f3 el desaf\u00edo de la construcci\u00f3n de la paz entre los dos \u00abbandos\u00bb con estas palabras: \u00abLa gran tragedia de nuestra situaci\u00f3n es que existen dos narrativas de nuestra historia com\u00fan que son verdaderas, pero que no se encuentran\u00bb.  <\/p>\n\n<p class=\"wp-block-paragraph\">Esa observaci\u00f3n sobre dos narrativas enfrentadas es el tema b\u00e1sico de <em>El futuro es la paz<\/em>, y los coautores buscan compartir en el libro, a partir de sus experiencias como israel\u00ed jud\u00edo y palestino musulm\u00e1n, c\u00f3mo encontrar una forma de comprender la historia del otro puede forjar un camino hacia una paz justa. No fue un camino f\u00e1cil para ninguno de los dos. El israel\u00ed Maoz Inon perdi\u00f3 a sus dos padres en el ataque de Ham\u00e1s del 7 de octubre de 2023, y el hermano del palestino Aziz Abu Sarah muri\u00f3 a causa de las heridas infligidas por la tortura en una prisi\u00f3n israel\u00ed. Tras la rabia y el dolor iniciales, se acercaron el uno al otro, reconociendo que la venganza solo conducir\u00eda a m\u00e1s violencia y comprendiendo que las acciones que llevaron a la muerte de sus seres queridos no surgieron de la nada. Tanto Inon como Abu Sarah ten\u00edan experiencia en el sector tur\u00edstico y se unieron para realizar un viaje juntos por Israel y la Cisjordania palestina ocupada para compartir sus historias a trav\u00e9s de los lugares que visitaron.    <\/p>\n\n<p class=\"wp-block-paragraph\">En Jaffa y Tel Aviv, Inon comparti\u00f3 los animados debates entre los jud\u00edos sobre la naturaleza del sionismo y las desigualdades estructurales en Israel. Por su parte, Abu Sarah describi\u00f3 c\u00f3mo Jaffa era una vibrante ciudad \u00e1rabe de 120.000 habitantes antes de 1948 y del establecimiento del Estado moderno de Israel, y c\u00f3mo un a\u00f1o despu\u00e9s era una ciudad con solo 4.000 residentes \u00e1rabes en guetos. <\/p>\n\n<p class=\"wp-block-paragraph\">Al visitar Jerusal\u00e9n, Inon describi\u00f3 el apego jud\u00edo a la ciudad a trav\u00e9s de su historia religiosa y pol\u00edtica, compartiendo la narrativa con la que creci\u00f3 de una ciudad bajo asedio constante. Abu Sarah describi\u00f3 las restricciones impuestas a los residentes \u00e1rabes palestinos en un esfuerzo por \u00abjudaizar\u00bb la tradicionalmente \u00e1rabe Jerusal\u00e9n Este y crear as\u00ed una Jerusal\u00e9n jud\u00eda unificada. Su visi\u00f3n es que es importante dejar de ver a Jerusal\u00e9n como un premio que reclamar y, en su lugar, verla como un legado sagrado que compartir.  <\/p>\n\n<p class=\"wp-block-paragraph\">Al viajar por Cisjordania, sus historias hablan de las conexiones tanto jud\u00edas como \u00e1rabes con la tierra, al tiempo que se\u00f1alan que la ocupaci\u00f3n militar de Israel y la expansi\u00f3n de los asentamientos han afectado negativamente a la poblaci\u00f3n ocupada, especialmente a trav\u00e9s de la confiscaci\u00f3n de recursos h\u00eddricos, los ataques de los colonos y el trato a los palestinos por parte del ej\u00e9rcito y la polic\u00eda de seguridad. Abu Sarah relata c\u00f3mo los textos isl\u00e1micos no cuestionan la presencia jud\u00eda en la tierra, pero se opone a los asentamientos en Cisjordania debido a las leyes y pr\u00e1cticas discriminatorias. Inon explica el origen del miedo israel\u00ed a los palestinos en Cisjordania relatando la historia de dos reservistas del ej\u00e9rcito que entraron por error en Ramala de camino a una base militar cercana y fueron apaleados hasta la muerte. Aunque no lo menciona, la narrativa en Ramala no es que los dos soldados \u00abse equivocaron de camino\u00bb, sino que fueron encontrados en un coche (\u00a1en la puerta principal de la Friends Boys\u2019 School!) con equipos electr\u00f3nicos vigilando un cortejo f\u00fanebre y luego fueron atacados por dolientes enfurecidos. Aunque la polic\u00eda palestina intent\u00f3 protegerlos, la multitud super\u00f3 a la polic\u00eda y mat\u00f3 a los soldados. \u00a1Narrativas enfrentadas! Abundan.      <\/p>\n\n<p class=\"wp-block-paragraph\">En Nazaret, Inon visita una de las casas de hu\u00e9spedes que hab\u00eda organizado en la parte \u00e1rabe de la ciudad israel\u00ed: una de las varias que estableci\u00f3 en su d\u00eda por todo Israel en su esfuerzo por promover el \u00abturismo como construcci\u00f3n de paz\u00bb. Mientras funcion\u00f3, la casa de hu\u00e9spedes ayud\u00f3 a revitalizar la secci\u00f3n de Nazaret que antes estaba deteriorada. Ahora, sin embargo, est\u00e1 cerrada debido al conflicto en curso. Tanto \u00e9l como Abu Sarah ven este giro de los acontecimientos como un s\u00edmbolo de c\u00f3mo los israel\u00edes y los \u00e1rabes palestinos vivieron una vez codo con codo, como en Nazaret, pero ahora est\u00e1n divididos por la burocracia, la segregaci\u00f3n e incluso muros f\u00edsicos. Los israel\u00edes con los que se encuentran ahora los palestinos suelen ser solo soldados o colonos; la mayor\u00eda de los israel\u00edes rara vez coinciden con \u00e1rabes palestinos y los estereotipan a todos como una amenaza.    <\/p>\n\n<p class=\"wp-block-paragraph\">Abu Sarah e Inon consideran que el desaf\u00edo para la construcci\u00f3n de la paz es el resultado de narrativas enfrentadas arraigadas, de la falta de equidad y justicia, y de la dificultad de conectar de forma significativa con \u00abel otro\u00bb. Frente a estos obst\u00e1culos (\u00a1a veces literales!), citan la resiliencia y la firmeza de quienes buscan una paz justa, la larga esperanza que la gente mantiene por un futuro mejor y el compromiso de muchas personas de ambos lados para actuar por la paz. Describen un ciclo de trauma y venganza que conduce a la muerte y la destrucci\u00f3n, pero tambi\u00e9n exponen una forma de \u00abderrotar al monstruo\u00bb mir\u00e1ndose a los ojos: humanizar al otro, no para \u00abnormalizar\u00bb un sistema injusto, sino para conectar entre s\u00ed en una b\u00fasqueda mutua de un futuro de paz justa.  <\/p>\n\n<hr class=\"wp-block-separator has-alpha-channel-opacity\"\/>\n\n<p class=\"wp-block-paragraph\"><strong>Max L. Carter es el director em\u00e9rito William R. Rogers del Friends Center y de Estudios Cu\u00e1queros en el Guilford College. Es miembro de la Junta de New Garden en Greensboro, Carolina del Norte, y forma parte de la junta directiva de Friends Publishing Corporation, editorial de <\/strong> <strong><em>Friends Journal<\/em><\/strong><strong>.<\/strong><\/p>\n","protected":false},"author":5090,"featured_media":3139195,"comment_status":"open","ping_status":"closed","template":"","categories":[25337],"fpb_issue_category":[25335],"class_list":["post-3139275","fpb_book","type-fpb_book","status-publish","has-post-thumbnail","hentry","category-libros-de-septiembre-de-2026","fpb_issue_category-el-pacifismo-y-el-testimonio-de-la-paz-hoy"],"yoast_head":"<!-- This site is optimized with the Yoast SEO plugin v28.3 - https:\/\/yoast.com\/product\/yoast-seo-wordpress\/ -->\n<title>El futuro es la paz: un viaje compartido por Tierra Santa - Friends Journal<\/title>\n<meta name=\"robots\" content=\"index, follow, max-snippet:-1, max-image-preview:large, max-video-preview:-1\" \/>\n<link rel=\"canonical\" href=\"https:\/\/www.friendsjournal.org\/es\/book\/el-futuro-es-la-paz-un-viaje-compartido-por-tierra-santa\/\" \/>\n<meta property=\"og:locale\" content=\"es_ES\" \/>\n<meta property=\"og:type\" content=\"article\" \/>\n<meta property=\"og:title\" content=\"RESE\u00d1A: El futuro es la paz: un viaje compartido por Tierra Santa\" \/>\n<meta property=\"og:description\" content=\"De Aziz Abu Sarah y Maoz Inon. Crown, 2026. 240 p\u00e1ginas. 30 $\/tapa dura; 14,99 $\/eBook. En 2002, particip\u00e9 en&hellip;\" \/>\n<meta property=\"og:url\" content=\"https:\/\/www.friendsjournal.org\/es\/book\/el-futuro-es-la-paz-un-viaje-compartido-por-tierra-santa\/\" \/>\n<meta property=\"og:site_name\" content=\"Friends Journal\" \/>\n<meta property=\"article:publisher\" content=\"https:\/\/www.facebook.com\/friendsjournal\/\" \/>\n<meta property=\"article:modified_time\" content=\"2026-09-01T04:55:41+00:00\" \/>\n<meta property=\"og:image\" content=\"https:\/\/www.friendsjournal.org\/wp-content\/uploads\/2026\/08\/TheFuture_FBcrop.jpg\" \/>\n<meta name=\"twitter:card\" content=\"summary_large_image\" \/>\n<meta name=\"twitter:site\" content=\"@friendsournal\" \/>\n<meta name=\"twitter:label1\" content=\"Est. reading time\" \/>\n\t<meta name=\"twitter:data1\" content=\"5 minuto\" \/>\n<script type=\"application\/ld+json\" class=\"yoast-schema-graph\">{\"@context\":\"https:\\\/\\\/schema.org\",\"@graph\":[{\"@type\":\"WebPage\",\"@id\":\"https:\\\/\\\/www.friendsjournal.org\\\/es\\\/book\\\/el-futuro-es-la-paz-un-viaje-compartido-por-tierra-santa\\\/\",\"url\":\"https:\\\/\\\/www.friendsjournal.org\\\/es\\\/book\\\/el-futuro-es-la-paz-un-viaje-compartido-por-tierra-santa\\\/\",\"name\":\"El futuro es la paz: un viaje compartido por Tierra Santa - Friends Journal\",\"isPartOf\":{\"@id\":\"https:\\\/\\\/www.friendsjournal.org\\\/es\\\/#website\"},\"primaryImageOfPage\":{\"@id\":\"https:\\\/\\\/www.friendsjournal.org\\\/es\\\/book\\\/el-futuro-es-la-paz-un-viaje-compartido-por-tierra-santa\\\/#primaryimage\"},\"image\":{\"@id\":\"https:\\\/\\\/www.friendsjournal.org\\\/es\\\/book\\\/el-futuro-es-la-paz-un-viaje-compartido-por-tierra-santa\\\/#primaryimage\"},\"thumbnailUrl\":\"https:\\\/\\\/www.friendsjournal.org\\\/wp-content\\\/uploads\\\/2026\\\/08\\\/TheFuture.jpg\",\"datePublished\":\"2026-09-01T04:55:00+00:00\",\"dateModified\":\"2026-09-01T04:55:41+00:00\",\"breadcrumb\":{\"@id\":\"https:\\\/\\\/www.friendsjournal.org\\\/es\\\/book\\\/el-futuro-es-la-paz-un-viaje-compartido-por-tierra-santa\\\/#breadcrumb\"},\"inLanguage\":\"es\",\"potentialAction\":[{\"@type\":\"ReadAction\",\"target\":[\"https:\\\/\\\/www.friendsjournal.org\\\/es\\\/book\\\/el-futuro-es-la-paz-un-viaje-compartido-por-tierra-santa\\\/\"]}]},{\"@type\":\"ImageObject\",\"inLanguage\":\"es\",\"@id\":\"https:\\\/\\\/www.friendsjournal.org\\\/es\\\/book\\\/el-futuro-es-la-paz-un-viaje-compartido-por-tierra-santa\\\/#primaryimage\",\"url\":\"https:\\\/\\\/www.friendsjournal.org\\\/wp-content\\\/uploads\\\/2026\\\/08\\\/TheFuture.jpg\",\"contentUrl\":\"https:\\\/\\\/www.friendsjournal.org\\\/wp-content\\\/uploads\\\/2026\\\/08\\\/TheFuture.jpg\",\"width\":500,\"height\":761},{\"@type\":\"BreadcrumbList\",\"@id\":\"https:\\\/\\\/www.friendsjournal.org\\\/es\\\/book\\\/el-futuro-es-la-paz-un-viaje-compartido-por-tierra-santa\\\/#breadcrumb\",\"itemListElement\":[{\"@type\":\"ListItem\",\"position\":1,\"name\":\"Home\",\"item\":\"https:\\\/\\\/www.friendsjournal.org\\\/es\\\/inicio\\\/\"},{\"@type\":\"ListItem\",\"position\":2,\"name\":\"Books\",\"item\":\"https:\\\/\\\/www.friendsjournal.org\\\/es\\\/book\\\/\"},{\"@type\":\"ListItem\",\"position\":3,\"name\":\"El futuro es la paz: un viaje compartido por Tierra Santa\"}]},{\"@type\":\"WebSite\",\"@id\":\"https:\\\/\\\/www.friendsjournal.org\\\/es\\\/#website\",\"url\":\"https:\\\/\\\/www.friendsjournal.org\\\/es\\\/\",\"name\":\"Friends Journal\",\"description\":\"Comunicar la experiencia cu\u00e1quera para conectar y profundizar en la vida espiritual\",\"publisher\":{\"@id\":\"https:\\\/\\\/www.friendsjournal.org\\\/es\\\/#organization\"},\"potentialAction\":[{\"@type\":\"SearchAction\",\"target\":{\"@type\":\"EntryPoint\",\"urlTemplate\":\"https:\\\/\\\/www.friendsjournal.org\\\/es\\\/?s={search_term_string}\"},\"query-input\":{\"@type\":\"PropertyValueSpecification\",\"valueRequired\":true,\"valueName\":\"search_term_string\"}}],\"inLanguage\":\"es\"},{\"@type\":\"Organization\",\"@id\":\"https:\\\/\\\/www.friendsjournal.org\\\/es\\\/#organization\",\"name\":\"Friends Journal\",\"url\":\"https:\\\/\\\/www.friendsjournal.org\\\/es\\\/\",\"logo\":{\"@type\":\"ImageObject\",\"inLanguage\":\"es\",\"@id\":\"https:\\\/\\\/www.friendsjournal.org\\\/es\\\/#\\\/schema\\\/logo\\\/image\\\/\",\"url\":\"https:\\\/\\\/www.friendsjournal.org\\\/wp-content\\\/uploads\\\/2025\\\/08\\\/fj-logo-white.png\",\"contentUrl\":\"https:\\\/\\\/www.friendsjournal.org\\\/wp-content\\\/uploads\\\/2025\\\/08\\\/fj-logo-white.png\",\"width\":617,\"height\":74,\"caption\":\"Friends Journal\"},\"image\":{\"@id\":\"https:\\\/\\\/www.friendsjournal.org\\\/es\\\/#\\\/schema\\\/logo\\\/image\\\/\"},\"sameAs\":[\"https:\\\/\\\/www.facebook.com\\\/friendsjournal\\\/\",\"https:\\\/\\\/x.com\\\/friendsournal\",\"https:\\\/\\\/instagram.com\\\/friendsjournal\",\"https:\\\/\\\/www.linkedin.com\\\/company\\\/3154709\",\"https:\\\/\\\/www.youtube.com\\\/user\\\/friendsjournal\"]}]}<\/script>\n<!-- \/ Yoast SEO plugin. -->","yoast_head_json":{"title":"El futuro es la paz: un viaje compartido por Tierra Santa - Friends Journal","robots":{"index":"index","follow":"follow","max-snippet":"max-snippet:-1","max-image-preview":"max-image-preview:large","max-video-preview":"max-video-preview:-1"},"canonical":"https:\/\/www.friendsjournal.org\/es\/book\/el-futuro-es-la-paz-un-viaje-compartido-por-tierra-santa\/","og_locale":"es_ES","og_type":"article","og_title":"RESE\u00d1A: El futuro es la paz: un viaje compartido por Tierra Santa","og_description":"De Aziz Abu Sarah y Maoz Inon. Crown, 2026. 240 p\u00e1ginas. 30 $\/tapa dura; 14,99 $\/eBook. En 2002, particip\u00e9 en&hellip;","og_url":"https:\/\/www.friendsjournal.org\/es\/book\/el-futuro-es-la-paz-un-viaje-compartido-por-tierra-santa\/","og_site_name":"Friends Journal","article_publisher":"https:\/\/www.facebook.com\/friendsjournal\/","article_modified_time":"2026-09-01T04:55:41+00:00","og_image":[{"url":"https:\/\/www.friendsjournal.org\/wp-content\/uploads\/2026\/08\/TheFuture_FBcrop.jpg","type":"","width":"","height":""}],"twitter_card":"summary_large_image","twitter_site":"@friendsournal","twitter_misc":{"Est. reading time":"5 minuto"},"schema":{"@context":"https:\/\/schema.org","@graph":[{"@type":"WebPage","@id":"https:\/\/www.friendsjournal.org\/es\/book\/el-futuro-es-la-paz-un-viaje-compartido-por-tierra-santa\/","url":"https:\/\/www.friendsjournal.org\/es\/book\/el-futuro-es-la-paz-un-viaje-compartido-por-tierra-santa\/","name":"El futuro es la paz: un viaje compartido por Tierra Santa - Friends Journal","isPartOf":{"@id":"https:\/\/www.friendsjournal.org\/es\/#website"},"primaryImageOfPage":{"@id":"https:\/\/www.friendsjournal.org\/es\/book\/el-futuro-es-la-paz-un-viaje-compartido-por-tierra-santa\/#primaryimage"},"image":{"@id":"https:\/\/www.friendsjournal.org\/es\/book\/el-futuro-es-la-paz-un-viaje-compartido-por-tierra-santa\/#primaryimage"},"thumbnailUrl":"https:\/\/www.friendsjournal.org\/wp-content\/uploads\/2026\/08\/TheFuture.jpg","datePublished":"2026-09-01T04:55:00+00:00","dateModified":"2026-09-01T04:55:41+00:00","breadcrumb":{"@id":"https:\/\/www.friendsjournal.org\/es\/book\/el-futuro-es-la-paz-un-viaje-compartido-por-tierra-santa\/#breadcrumb"},"inLanguage":"es","potentialAction":[{"@type":"ReadAction","target":["https:\/\/www.friendsjournal.org\/es\/book\/el-futuro-es-la-paz-un-viaje-compartido-por-tierra-santa\/"]}]},{"@type":"ImageObject","inLanguage":"es","@id":"https:\/\/www.friendsjournal.org\/es\/book\/el-futuro-es-la-paz-un-viaje-compartido-por-tierra-santa\/#primaryimage","url":"https:\/\/www.friendsjournal.org\/wp-content\/uploads\/2026\/08\/TheFuture.jpg","contentUrl":"https:\/\/www.friendsjournal.org\/wp-content\/uploads\/2026\/08\/TheFuture.jpg","width":500,"height":761},{"@type":"BreadcrumbList","@id":"https:\/\/www.friendsjournal.org\/es\/book\/el-futuro-es-la-paz-un-viaje-compartido-por-tierra-santa\/#breadcrumb","itemListElement":[{"@type":"ListItem","position":1,"name":"Home","item":"https:\/\/www.friendsjournal.org\/es\/inicio\/"},{"@type":"ListItem","position":2,"name":"Books","item":"https:\/\/www.friendsjournal.org\/es\/book\/"},{"@type":"ListItem","position":3,"name":"El futuro es la paz: un viaje compartido por Tierra Santa"}]},{"@type":"WebSite","@id":"https:\/\/www.friendsjournal.org\/es\/#website","url":"https:\/\/www.friendsjournal.org\/es\/","name":"Friends Journal","description":"Comunicar la experiencia cu\u00e1quera para conectar y profundizar en la vida espiritual","publisher":{"@id":"https:\/\/www.friendsjournal.org\/es\/#organization"},"potentialAction":[{"@type":"SearchAction","target":{"@type":"EntryPoint","urlTemplate":"https:\/\/www.friendsjournal.org\/es\/?s={search_term_string}"},"query-input":{"@type":"PropertyValueSpecification","valueRequired":true,"valueName":"search_term_string"}}],"inLanguage":"es"},{"@type":"Organization","@id":"https:\/\/www.friendsjournal.org\/es\/#organization","name":"Friends Journal","url":"https:\/\/www.friendsjournal.org\/es\/","logo":{"@type":"ImageObject","inLanguage":"es","@id":"https:\/\/www.friendsjournal.org\/es\/#\/schema\/logo\/image\/","url":"https:\/\/www.friendsjournal.org\/wp-content\/uploads\/2025\/08\/fj-logo-white.png","contentUrl":"https:\/\/www.friendsjournal.org\/wp-content\/uploads\/2025\/08\/fj-logo-white.png","width":617,"height":74,"caption":"Friends Journal"},"image":{"@id":"https:\/\/www.friendsjournal.org\/es\/#\/schema\/logo\/image\/"},"sameAs":["https:\/\/www.facebook.com\/friendsjournal\/","https:\/\/x.com\/friendsournal","https:\/\/instagram.com\/friendsjournal","https:\/\/www.linkedin.com\/company\/3154709","https:\/\/www.youtube.com\/user\/friendsjournal"]}]}},"distributor_meta":false,"distributor_terms":false,"distributor_media":false,"distributor_original_site_name":"Friends Journal","distributor_original_site_url":"https:\/\/www.friendsjournal.org\/es\/","push-errors":false,"acf":{"fpb_reviewer_name":"Max l. Carter","fpb_book_details":{"author":"","pricing":false,"quakerbooks_link":"","category_issue_link":null},"fpb_reviewer_profile_picture":false},"_links":{"self":[{"href":"https:\/\/www.friendsjournal.org\/es\/wp-json\/wp\/v2\/fpb_book\/3139275","targetHints":{"allow":["GET"]}}],"collection":[{"href":"https:\/\/www.friendsjournal.org\/es\/wp-json\/wp\/v2\/fpb_book"}],"about":[{"href":"https:\/\/www.friendsjournal.org\/es\/wp-json\/wp\/v2\/types\/fpb_book"}],"author":[{"embeddable":true,"href":"https:\/\/www.friendsjournal.org\/es\/wp-json\/wp\/v2\/users\/5090"}],"replies":[{"embeddable":true,"href":"https:\/\/www.friendsjournal.org\/es\/wp-json\/wp\/v2\/comments?post=3139275"}],"wp:featuredmedia":[{"embeddable":true,"href":"https:\/\/www.friendsjournal.org\/es\/wp-json\/wp\/v2\/media\/3139195"}],"wp:attachment":[{"href":"https:\/\/www.friendsjournal.org\/es\/wp-json\/wp\/v2\/media?parent=3139275"}],"wp:term":[{"taxonomy":"category","embeddable":true,"href":"https:\/\/www.friendsjournal.org\/es\/wp-json\/wp\/v2\/categories?post=3139275"},{"taxonomy":"fpb_issue_category","embeddable":true,"href":"https:\/\/www.friendsjournal.org\/es\/wp-json\/wp\/v2\/fpb_issue_category?post=3139275"}],"curies":[{"name":"wp","href":"https:\/\/api.w.org\/{rel}","templated":true}]}}