{"id":3139277,"date":"2026-09-01T01:00:00","date_gmt":"2026-09-01T05:00:00","guid":{"rendered":"https:\/\/www.friendsjournal.org\/book\/26-fines-de-semana-en-la-carcel-del-condado-un-diario-cuaquero-de-resistencia\/"},"modified":"2026-09-01T01:00:34","modified_gmt":"2026-09-01T05:00:34","slug":"26-fines-de-semana-en-la-carcel-del-condado-un-diario-cuaquero-de-resistencia","status":"publish","type":"fpb_book","link":"https:\/\/www.friendsjournal.org\/es\/book\/26-fines-de-semana-en-la-carcel-del-condado-un-diario-cuaquero-de-resistencia\/","title":{"rendered":"26 fines de semana en la c\u00e1rcel del condado: Un diario cu\u00e1quero de resistencia"},"content":{"rendered":"\n<h4 class=\"wp-block-heading has-text-align-center\"><em>Por Joseph Olejak. Flare Books, 2026. 256 p\u00e1ginas. 21,95 $\/tapa blanda; 14,95 $\/libro electr\u00f3nico.   <\/em><\/h4>\n\n<p class=\"wp-block-paragraph\">El 22 de noviembre de 2013, Joseph Olejak entr\u00f3 en la zona de detenci\u00f3n de la c\u00e1rcel del condado de Columbia, en el norte del estado de Nueva York, por no pagar sus impuestos. Este registro de sus siguientes 26 fines de semana cubre sus reflexiones, las condiciones de la c\u00e1rcel, sus tribulaciones personales y las conversaciones con otros reclusos (poblaci\u00f3n de 140) y funcionarios de prisiones, fin de semana tras fin de semana. Merece la pena leerlo.  <\/p>\n\n<p class=\"wp-block-paragraph\">Quiropr\u00e1ctico y padre de dos hijas, Olejak decidi\u00f3 en 1996 dejar de pagar sus impuestos federales en protesta por la participaci\u00f3n de Estados Unidos en las guerras de Irak y Afganist\u00e1n. Tras a\u00f1os de cartas amenazantes, el IRS allan\u00f3 la oficina y la casa de Olejak en 2009, y luego, en 2013, lo citaron ante un tribunal federal y le ordenaron ingresar en la c\u00e1rcel del condado. En consulta con su abogado, Olejak hab\u00eda decidido declararse culpable para evitar un largo proceso judicial y una pena de prisi\u00f3n federal, ya que probablemente habr\u00eda recibido la pena m\u00e1xima de cinco a\u00f1os.  <\/p>\n\n<p class=\"wp-block-paragraph\">La ira inicial de Olejak por ser castigado por hacer algo en lo que cre\u00eda disminuy\u00f3 a medida que empez\u00f3 a comprender las circunstancias que hab\u00edan llevado al encarcelamiento de otros reclusos, as\u00ed como el complejo industrial penitenciario que los sigue arrastrando. El entorno carcelario, casi intolerable, inclu\u00eda ruido constante; temperaturas extremas; camas met\u00e1licas poco propicias para el sue\u00f1o; y alimentos poco nutritivos que a menudo provocan diabetes, enfermedades card\u00edacas y mala salud en general. Como profesional que fue encarcelado por razones morales, Olejak era considerado un extra\u00f1o tanto por los reclusos como por los funcionarios de prisiones. Al verle practicar yoga y remedios naturales, y su disposici\u00f3n a compartir sus conocimientos, empezaron a llamarle \u201cDoc\u201d y acudieron a \u00e9l en busca de consejo y camarader\u00eda.   <\/p>\n\n<p class=\"wp-block-paragraph\">Aunque se adapt\u00f3 a la mayor\u00eda de los procedimientos de la c\u00e1rcel, se neg\u00f3 a cerrar su propia puerta por la noche. Como castigo, un funcionario de prisiones le quit\u00f3 la almohada: su \u00fanico consuelo para el cuello y la espalda al dormir en una cama de metal. <\/p>\n\n<p class=\"wp-block-paragraph\">Cuando comenz\u00f3 su objeci\u00f3n fiscal de guerra, Olejak no era cu\u00e1quero, pero m\u00e1s tarde empez\u00f3 a asistir a la Junta de Old Chatham (N.Y.). Reconoce el profundo apoyo de la Junta a lo largo de su calvario, tanto durante el encarcelamiento como en la publicaci\u00f3n del libro este a\u00f1o. <\/p>\n\n<p class=\"wp-block-paragraph\">La pr\u00e1ctica cu\u00e1quera hizo que Olejak fuera bueno escuchando. La mayor\u00eda de los reclusos del condado de Columbia fueron condenados por cargos relacionados con drogas o tribunales de familia. Sus informes de estas conversaciones \u2014incluidas las blasfemias\u2014 ofrecen al lector una aguda comprensi\u00f3n de los presos y sus vidas dentro y fuera, incluidas sus familias y comunidades. Una lesi\u00f3n dolorosa y un opioide recetado por un m\u00e9dico conducen al abuso de drogas; una infracci\u00f3n de tr\u00e1fico se pospone mientras se pagan otras facturas inmediatas; la p\u00e9rdida de un coche conduce a la p\u00e9rdida de un trabajo; un despido conduce a la falta de pagos de manutenci\u00f3n infantil; todo ello conduce al destino final de tiempo entre rejas. Ah\u00ed, si no fuera por la fortuna, ir\u00eda yo.    <\/p>\n\n<p class=\"wp-block-paragraph\">Olejak, un autor bien le\u00eddo, cita la Biblia, al Papa Francisco, a George Fox, a Nelson Mandela, a Martin Luther King, a Malcolm Gladwell y a Rumi. Como yo mismo soy un objetor fiscal de guerra, lo que m\u00e1s me interes\u00f3 fue su discusi\u00f3n sobre que Mandela \u201cno tuvo m\u00e1s remedio que convertirse en un proscrito\u201d, una cita de la autobiograf\u00eda de Mandela, <em>El largo camino hacia la libertad<\/em>, que Olejak empez\u00f3 a leer durante su d\u00e9cimo fin de semana en la c\u00e1rcel. M\u00e1s adelante, en el mismo cap\u00edtulo, Olejak escribe: \u201cA medida que se acerca de nuevo la fecha l\u00edmite de impuestos del 15 de abril del IRS [mientras estoy en la c\u00e1rcel], tengo que enfrentarme a la pregunta de qu\u00e9 estoy dispuesto a pagar&#8230; Apoyo los cupones de alimentos, pero encuentro los ataques con drones horribles\u201d. Defiende una legislaci\u00f3n de Impuestos para la Paz, que permitir\u00eda a \u201cpersonas de conciencia pagar&#8230; un impuesto sobre la renta separado que apoye todas las necesidades del pa\u00eds excepto la guerra\u201d.   <\/p>\n\n<blockquote class=\"wp-block-quote is-layout-flow wp-block-quote-is-layout-flow\">\n<p class=\"wp-block-paragraph\">En muchos pa\u00edses, se ha reconocido universalmente durante siglos que la objeci\u00f3n de conciencia a la guerra es una forma aceptable de protesta. Est\u00e1 consagrada en las leyes de pa\u00edses de todo el mundo, incluido el nuestro. \u00bfPor qu\u00e9 no deber\u00edamos exigir que nuestro dinero no sea reclutado para la guerra, como una forma aceptable de objeci\u00f3n de conciencia?  <\/p>\n<\/blockquote>\n\n<p class=\"wp-block-paragraph\">Uno de los dos \u00fanicos objetores fiscales de guerra encarcelados en la historia reciente (que yo sepa), a menudo se le pregunta: \u201c\u00bfVali\u00f3 la pena?\u201d.<\/p>\n\n<blockquote class=\"wp-block-quote is-layout-flow wp-block-quote-is-layout-flow\">\n<p class=\"wp-block-paragraph\">Mi respuesta es que no se puede responder a una pregunta moral \u2014una pregunta espiritual\u2014 con un c\u00e1lculo de pros y contras basado en el dinero, el estatus o la comodidad. La decisi\u00f3n de no pagar impuestos y retirar mi dinero del sistema de guerra provino de un lugar espiritual. Si vali\u00f3 la pena no era realmente aplicable porque fue una elecci\u00f3n hecha m\u00e1s all\u00e1 del miedo.  <\/p>\n<\/blockquote>\n\n<p class=\"wp-block-paragraph\">Este libro tan humano \u2014sobre la vida en prisi\u00f3n, sobre la vida espiritual\u2014 debe ser le\u00eddo y compartido, y quiz\u00e1s, puesto en pr\u00e1ctica. Los partidarios del Proyecto Alternativas a la Violencia y otros defensores de los presos necesitan esto en sus bibliotecas. Los grupos de lectura y los individuos encontrar\u00e1n material para reflexionar. Se puede encontrar m\u00e1s informaci\u00f3n sobre Joseph Olejak en un v\u00eddeo de QuakerSpeak de 2014, \u201c<a href=\"https:\/\/quakerspeak.com\/video\/quaker-war-tax-resistance\/\">Por qu\u00e9 dej\u00e9 de pagar impuestos<\/a>\u201d, y en dos <em>art\u00edculos<\/em> de <a href=\"https:\/\/www.friendsjournal.org\/es\/26-fines-de-semana-en-la-carcel-del-condado-de-columbia\/\">Friends Journal<\/a> publicados en 2015.   <\/p>\n\n<hr class=\"wp-block-separator has-alpha-channel-opacity\"\/>\n\n<p class=\"wp-block-paragraph\"><strong>Michele Sands y su marido son objetores fiscales de guerra. Todav\u00eda asiste a los cultos por Zoom con la Junta Regional de Upper Susquehanna; actualmente vive en la comunidad de jubilados Collington en Bowie, Md., y tambi\u00e9n asiste a los cultos con Los Amigos en tierras pobladas por los pueblos Potomac y Piscataway Conoy. <\/strong><\/p>\n\n<p class=\"wp-block-paragraph\"><\/p>\n","protected":false},"author":5090,"featured_media":3139188,"comment_status":"open","ping_status":"closed","template":"","categories":[25337],"fpb_issue_category":[25335],"class_list":["post-3139277","fpb_book","type-fpb_book","status-publish","has-post-thumbnail","hentry","category-libros-de-septiembre-de-2026","fpb_issue_category-el-pacifismo-y-el-testimonio-de-la-paz-hoy"],"yoast_head":"<!-- This site is optimized with the Yoast SEO plugin v28.3 - https:\/\/yoast.com\/product\/yoast-seo-wordpress\/ -->\n<title>26 fines de semana en la c\u00e1rcel del condado: Un diario cu\u00e1quero de resistencia - Friends Journal<\/title>\n<meta name=\"robots\" content=\"index, follow, max-snippet:-1, max-image-preview:large, max-video-preview:-1\" \/>\n<link rel=\"canonical\" href=\"https:\/\/www.friendsjournal.org\/es\/book\/26-fines-de-semana-en-la-carcel-del-condado-un-diario-cuaquero-de-resistencia\/\" \/>\n<meta property=\"og:locale\" content=\"es_ES\" \/>\n<meta property=\"og:type\" content=\"article\" \/>\n<meta property=\"og:title\" content=\"RESE\u00d1A: 26 fines de semana en la c\u00e1rcel del condado: Un diario cu\u00e1quero de resistencia\" \/>\n<meta property=\"og:description\" content=\"Por Joseph Olejak. Flare Books, 2026. 256 p\u00e1ginas. 21,95 $\/tapa blanda; 14,95 $\/libro electr\u00f3nico. El 22 de noviembre de 2013,&hellip;\" \/>\n<meta property=\"og:url\" content=\"https:\/\/www.friendsjournal.org\/es\/book\/26-fines-de-semana-en-la-carcel-del-condado-un-diario-cuaquero-de-resistencia\/\" \/>\n<meta property=\"og:site_name\" content=\"Friends Journal\" \/>\n<meta property=\"article:publisher\" content=\"https:\/\/www.facebook.com\/friendsjournal\/\" \/>\n<meta property=\"article:modified_time\" content=\"2026-09-01T05:00:34+00:00\" \/>\n<meta property=\"og:image\" content=\"https:\/\/www.friendsjournal.org\/wp-content\/uploads\/2026\/08\/26_FBcrop.jpg\" \/>\n<meta name=\"twitter:card\" content=\"summary_large_image\" \/>\n<meta name=\"twitter:site\" content=\"@friendsournal\" \/>\n<meta name=\"twitter:label1\" content=\"Est. reading time\" \/>\n\t<meta name=\"twitter:data1\" content=\"5 minuto\" \/>\n<script type=\"application\/ld+json\" class=\"yoast-schema-graph\">{\"@context\":\"https:\\\/\\\/schema.org\",\"@graph\":[{\"@type\":\"WebPage\",\"@id\":\"https:\\\/\\\/www.friendsjournal.org\\\/es\\\/book\\\/26-fines-de-semana-en-la-carcel-del-condado-un-diario-cuaquero-de-resistencia\\\/\",\"url\":\"https:\\\/\\\/www.friendsjournal.org\\\/es\\\/book\\\/26-fines-de-semana-en-la-carcel-del-condado-un-diario-cuaquero-de-resistencia\\\/\",\"name\":\"26 fines de semana en la c\u00e1rcel del condado: Un diario cu\u00e1quero de resistencia - Friends Journal\",\"isPartOf\":{\"@id\":\"https:\\\/\\\/www.friendsjournal.org\\\/es\\\/#website\"},\"primaryImageOfPage\":{\"@id\":\"https:\\\/\\\/www.friendsjournal.org\\\/es\\\/book\\\/26-fines-de-semana-en-la-carcel-del-condado-un-diario-cuaquero-de-resistencia\\\/#primaryimage\"},\"image\":{\"@id\":\"https:\\\/\\\/www.friendsjournal.org\\\/es\\\/book\\\/26-fines-de-semana-en-la-carcel-del-condado-un-diario-cuaquero-de-resistencia\\\/#primaryimage\"},\"thumbnailUrl\":\"https:\\\/\\\/www.friendsjournal.org\\\/wp-content\\\/uploads\\\/2026\\\/08\\\/26_2.jpg\",\"datePublished\":\"2026-09-01T05:00:00+00:00\",\"dateModified\":\"2026-09-01T05:00:34+00:00\",\"breadcrumb\":{\"@id\":\"https:\\\/\\\/www.friendsjournal.org\\\/es\\\/book\\\/26-fines-de-semana-en-la-carcel-del-condado-un-diario-cuaquero-de-resistencia\\\/#breadcrumb\"},\"inLanguage\":\"es\",\"potentialAction\":[{\"@type\":\"ReadAction\",\"target\":[\"https:\\\/\\\/www.friendsjournal.org\\\/es\\\/book\\\/26-fines-de-semana-en-la-carcel-del-condado-un-diario-cuaquero-de-resistencia\\\/\"]}]},{\"@type\":\"ImageObject\",\"inLanguage\":\"es\",\"@id\":\"https:\\\/\\\/www.friendsjournal.org\\\/es\\\/book\\\/26-fines-de-semana-en-la-carcel-del-condado-un-diario-cuaquero-de-resistencia\\\/#primaryimage\",\"url\":\"https:\\\/\\\/www.friendsjournal.org\\\/wp-content\\\/uploads\\\/2026\\\/08\\\/26_2.jpg\",\"contentUrl\":\"https:\\\/\\\/www.friendsjournal.org\\\/wp-content\\\/uploads\\\/2026\\\/08\\\/26_2.jpg\",\"width\":500,\"height\":819},{\"@type\":\"BreadcrumbList\",\"@id\":\"https:\\\/\\\/www.friendsjournal.org\\\/es\\\/book\\\/26-fines-de-semana-en-la-carcel-del-condado-un-diario-cuaquero-de-resistencia\\\/#breadcrumb\",\"itemListElement\":[{\"@type\":\"ListItem\",\"position\":1,\"name\":\"Home\",\"item\":\"https:\\\/\\\/www.friendsjournal.org\\\/es\\\/inicio\\\/\"},{\"@type\":\"ListItem\",\"position\":2,\"name\":\"Books\",\"item\":\"https:\\\/\\\/www.friendsjournal.org\\\/es\\\/book\\\/\"},{\"@type\":\"ListItem\",\"position\":3,\"name\":\"26 fines de semana en la c\u00e1rcel del condado: Un diario cu\u00e1quero de resistencia\"}]},{\"@type\":\"WebSite\",\"@id\":\"https:\\\/\\\/www.friendsjournal.org\\\/es\\\/#website\",\"url\":\"https:\\\/\\\/www.friendsjournal.org\\\/es\\\/\",\"name\":\"Friends Journal\",\"description\":\"Comunicar la experiencia cu\u00e1quera para conectar y profundizar en la vida espiritual\",\"publisher\":{\"@id\":\"https:\\\/\\\/www.friendsjournal.org\\\/es\\\/#organization\"},\"potentialAction\":[{\"@type\":\"SearchAction\",\"target\":{\"@type\":\"EntryPoint\",\"urlTemplate\":\"https:\\\/\\\/www.friendsjournal.org\\\/es\\\/?s={search_term_string}\"},\"query-input\":{\"@type\":\"PropertyValueSpecification\",\"valueRequired\":true,\"valueName\":\"search_term_string\"}}],\"inLanguage\":\"es\"},{\"@type\":\"Organization\",\"@id\":\"https:\\\/\\\/www.friendsjournal.org\\\/es\\\/#organization\",\"name\":\"Friends Journal\",\"url\":\"https:\\\/\\\/www.friendsjournal.org\\\/es\\\/\",\"logo\":{\"@type\":\"ImageObject\",\"inLanguage\":\"es\",\"@id\":\"https:\\\/\\\/www.friendsjournal.org\\\/es\\\/#\\\/schema\\\/logo\\\/image\\\/\",\"url\":\"https:\\\/\\\/www.friendsjournal.org\\\/wp-content\\\/uploads\\\/2025\\\/08\\\/fj-logo-white.png\",\"contentUrl\":\"https:\\\/\\\/www.friendsjournal.org\\\/wp-content\\\/uploads\\\/2025\\\/08\\\/fj-logo-white.png\",\"width\":617,\"height\":74,\"caption\":\"Friends Journal\"},\"image\":{\"@id\":\"https:\\\/\\\/www.friendsjournal.org\\\/es\\\/#\\\/schema\\\/logo\\\/image\\\/\"},\"sameAs\":[\"https:\\\/\\\/www.facebook.com\\\/friendsjournal\\\/\",\"https:\\\/\\\/x.com\\\/friendsournal\",\"https:\\\/\\\/instagram.com\\\/friendsjournal\",\"https:\\\/\\\/www.linkedin.com\\\/company\\\/3154709\",\"https:\\\/\\\/www.youtube.com\\\/user\\\/friendsjournal\"]}]}<\/script>\n<!-- \/ Yoast SEO plugin. -->","yoast_head_json":{"title":"26 fines de semana en la c\u00e1rcel del condado: Un diario cu\u00e1quero de resistencia - Friends Journal","robots":{"index":"index","follow":"follow","max-snippet":"max-snippet:-1","max-image-preview":"max-image-preview:large","max-video-preview":"max-video-preview:-1"},"canonical":"https:\/\/www.friendsjournal.org\/es\/book\/26-fines-de-semana-en-la-carcel-del-condado-un-diario-cuaquero-de-resistencia\/","og_locale":"es_ES","og_type":"article","og_title":"RESE\u00d1A: 26 fines de semana en la c\u00e1rcel del condado: Un diario cu\u00e1quero de resistencia","og_description":"Por Joseph Olejak. Flare Books, 2026. 256 p\u00e1ginas. 21,95 $\/tapa blanda; 14,95 $\/libro electr\u00f3nico. El 22 de noviembre de 2013,&hellip;","og_url":"https:\/\/www.friendsjournal.org\/es\/book\/26-fines-de-semana-en-la-carcel-del-condado-un-diario-cuaquero-de-resistencia\/","og_site_name":"Friends Journal","article_publisher":"https:\/\/www.facebook.com\/friendsjournal\/","article_modified_time":"2026-09-01T05:00:34+00:00","og_image":[{"url":"https:\/\/www.friendsjournal.org\/wp-content\/uploads\/2026\/08\/26_FBcrop.jpg","type":"","width":"","height":""}],"twitter_card":"summary_large_image","twitter_site":"@friendsournal","twitter_misc":{"Est. reading time":"5 minuto"},"schema":{"@context":"https:\/\/schema.org","@graph":[{"@type":"WebPage","@id":"https:\/\/www.friendsjournal.org\/es\/book\/26-fines-de-semana-en-la-carcel-del-condado-un-diario-cuaquero-de-resistencia\/","url":"https:\/\/www.friendsjournal.org\/es\/book\/26-fines-de-semana-en-la-carcel-del-condado-un-diario-cuaquero-de-resistencia\/","name":"26 fines de semana en la c\u00e1rcel del condado: Un diario cu\u00e1quero de resistencia - Friends Journal","isPartOf":{"@id":"https:\/\/www.friendsjournal.org\/es\/#website"},"primaryImageOfPage":{"@id":"https:\/\/www.friendsjournal.org\/es\/book\/26-fines-de-semana-en-la-carcel-del-condado-un-diario-cuaquero-de-resistencia\/#primaryimage"},"image":{"@id":"https:\/\/www.friendsjournal.org\/es\/book\/26-fines-de-semana-en-la-carcel-del-condado-un-diario-cuaquero-de-resistencia\/#primaryimage"},"thumbnailUrl":"https:\/\/www.friendsjournal.org\/wp-content\/uploads\/2026\/08\/26_2.jpg","datePublished":"2026-09-01T05:00:00+00:00","dateModified":"2026-09-01T05:00:34+00:00","breadcrumb":{"@id":"https:\/\/www.friendsjournal.org\/es\/book\/26-fines-de-semana-en-la-carcel-del-condado-un-diario-cuaquero-de-resistencia\/#breadcrumb"},"inLanguage":"es","potentialAction":[{"@type":"ReadAction","target":["https:\/\/www.friendsjournal.org\/es\/book\/26-fines-de-semana-en-la-carcel-del-condado-un-diario-cuaquero-de-resistencia\/"]}]},{"@type":"ImageObject","inLanguage":"es","@id":"https:\/\/www.friendsjournal.org\/es\/book\/26-fines-de-semana-en-la-carcel-del-condado-un-diario-cuaquero-de-resistencia\/#primaryimage","url":"https:\/\/www.friendsjournal.org\/wp-content\/uploads\/2026\/08\/26_2.jpg","contentUrl":"https:\/\/www.friendsjournal.org\/wp-content\/uploads\/2026\/08\/26_2.jpg","width":500,"height":819},{"@type":"BreadcrumbList","@id":"https:\/\/www.friendsjournal.org\/es\/book\/26-fines-de-semana-en-la-carcel-del-condado-un-diario-cuaquero-de-resistencia\/#breadcrumb","itemListElement":[{"@type":"ListItem","position":1,"name":"Home","item":"https:\/\/www.friendsjournal.org\/es\/inicio\/"},{"@type":"ListItem","position":2,"name":"Books","item":"https:\/\/www.friendsjournal.org\/es\/book\/"},{"@type":"ListItem","position":3,"name":"26 fines de semana en la c\u00e1rcel del condado: Un diario cu\u00e1quero de resistencia"}]},{"@type":"WebSite","@id":"https:\/\/www.friendsjournal.org\/es\/#website","url":"https:\/\/www.friendsjournal.org\/es\/","name":"Friends Journal","description":"Comunicar la experiencia cu\u00e1quera para conectar y profundizar en la vida espiritual","publisher":{"@id":"https:\/\/www.friendsjournal.org\/es\/#organization"},"potentialAction":[{"@type":"SearchAction","target":{"@type":"EntryPoint","urlTemplate":"https:\/\/www.friendsjournal.org\/es\/?s={search_term_string}"},"query-input":{"@type":"PropertyValueSpecification","valueRequired":true,"valueName":"search_term_string"}}],"inLanguage":"es"},{"@type":"Organization","@id":"https:\/\/www.friendsjournal.org\/es\/#organization","name":"Friends Journal","url":"https:\/\/www.friendsjournal.org\/es\/","logo":{"@type":"ImageObject","inLanguage":"es","@id":"https:\/\/www.friendsjournal.org\/es\/#\/schema\/logo\/image\/","url":"https:\/\/www.friendsjournal.org\/wp-content\/uploads\/2025\/08\/fj-logo-white.png","contentUrl":"https:\/\/www.friendsjournal.org\/wp-content\/uploads\/2025\/08\/fj-logo-white.png","width":617,"height":74,"caption":"Friends Journal"},"image":{"@id":"https:\/\/www.friendsjournal.org\/es\/#\/schema\/logo\/image\/"},"sameAs":["https:\/\/www.facebook.com\/friendsjournal\/","https:\/\/x.com\/friendsournal","https:\/\/instagram.com\/friendsjournal","https:\/\/www.linkedin.com\/company\/3154709","https:\/\/www.youtube.com\/user\/friendsjournal"]}]}},"distributor_meta":false,"distributor_terms":false,"distributor_media":false,"distributor_original_site_name":"Friends Journal","distributor_original_site_url":"https:\/\/www.friendsjournal.org\/es\/","push-errors":false,"acf":{"fpb_reviewer_name":"Michele Sands","fpb_book_details":{"author":"","pricing":false,"quakerbooks_link":"","category_issue_link":null},"fpb_reviewer_profile_picture":false},"_links":{"self":[{"href":"https:\/\/www.friendsjournal.org\/es\/wp-json\/wp\/v2\/fpb_book\/3139277","targetHints":{"allow":["GET"]}}],"collection":[{"href":"https:\/\/www.friendsjournal.org\/es\/wp-json\/wp\/v2\/fpb_book"}],"about":[{"href":"https:\/\/www.friendsjournal.org\/es\/wp-json\/wp\/v2\/types\/fpb_book"}],"author":[{"embeddable":true,"href":"https:\/\/www.friendsjournal.org\/es\/wp-json\/wp\/v2\/users\/5090"}],"replies":[{"embeddable":true,"href":"https:\/\/www.friendsjournal.org\/es\/wp-json\/wp\/v2\/comments?post=3139277"}],"wp:featuredmedia":[{"embeddable":true,"href":"https:\/\/www.friendsjournal.org\/es\/wp-json\/wp\/v2\/media\/3139188"}],"wp:attachment":[{"href":"https:\/\/www.friendsjournal.org\/es\/wp-json\/wp\/v2\/media?parent=3139277"}],"wp:term":[{"taxonomy":"category","embeddable":true,"href":"https:\/\/www.friendsjournal.org\/es\/wp-json\/wp\/v2\/categories?post=3139277"},{"taxonomy":"fpb_issue_category","embeddable":true,"href":"https:\/\/www.friendsjournal.org\/es\/wp-json\/wp\/v2\/fpb_issue_category?post=3139277"}],"curies":[{"name":"wp","href":"https:\/\/api.w.org\/{rel}","templated":true}]}}